{"id":1234,"date":"2013-07-29T19:43:50","date_gmt":"2013-07-29T17:43:50","guid":{"rendered":"https:\/\/www.assobayen.net\/Wordpress\/?page_id=1234"},"modified":"2024-02-19T15:16:45","modified_gmt":"2024-02-19T14:16:45","slug":"news-enfants-2013","status":"publish","type":"page","link":"https:\/\/www.assobayen.net\/Wordpress\/camps-2013\/news-enfants-2013\/","title":{"rendered":"News Enfants 2013"},"content":{"rendered":"<p><strong>Dimanche 4 ao\u00fbt<\/strong><\/p>\n<p>Bonjour \u00e0 tous,<br \/>\nC\u2019est le dernier message de ce camp.<br \/>\nNous nous retrouvons demain apr\u00e8s-midi \u00e0 17h09 \u00e0 la gare Saint Jean.<br \/>\nComme \u00e0 l\u2019aller, notre voyage sera plus long avec l\u2019obligation d\u2019\u00eatre \u00e0 la gare de Lourdes 1h avant l\u2019heure de d\u00e9part pr\u00e9vue pour un transfert en bus jusqu\u2019\u00e0 la gare de Pau.<br \/>\nAu programme demain matin : valises et rangement de la grange.<\/p>\n<p>Aujourd\u2019hui, nous avons bien profit\u00e9 de notre journ\u00e9e : achats de souvenirs le matin puis grand jeu dans Luz l\u2019apr\u00e8s-midi.<br \/>\nLes \u00e9nigmes concoct\u00e9es par Thierry nous ont fait d\u00e9couvrir la ville et ses tr\u00e9sors : la salamandre en pierre de l\u2019enclos de l\u2019\u00e9glise et les fontaines du parc, par exemple.<\/p>\n<p>Ce soir la traditionnelle Boum de fin de camp bat son plein.<br \/>\nNous avons aussi termin\u00e9 notre fable dont nous sommes assez fiers.<br \/>\nM. de La Fontaine n\u2019avait pas offert de fable aux marmottes, son erreur est r\u00e9par\u00e9e, nous vous la pr\u00e9sentons ici en exclusivit\u00e9.<br \/>\nA demain, Sylviane.<\/p>\n<p><strong>La marmotte, le Vautour et l\u2019Aigle<\/strong><\/p>\n<p>Une marmotte se promenait gaiement pour chercher \u00e0 manger,<br \/>\nLorsqu\u2019elle trouva, gisant sur le sol, un b\u00e9b\u00e9 vautour<br \/>\nElle d\u00e9cida de l\u2019adopter alors que tout les opposait<br \/>\nCette m\u00e8re attentionn\u00e9e l\u2019\u00e9leva dans la tendresse et l\u2019amour.<\/p>\n<p>Un beau jour d\u2019\u00e9t\u00e9, son jogging faisant,<br \/>\nLa marmotte fut attaqu\u00e9e par un grand aigle effrayant.<br \/>\nL\u2019aigle tournoy\u00e2t puis fondit sur la b\u00eate,<br \/>\nSans qu\u2019elle puisse s\u2019enfuir \u00e0 toutes gambettes<\/p>\n<p>Voyant le danger pour son amie la marmotte,<br \/>\nA son secours le vautour s\u2019\u00e9lan\u00e7a tel Don Quichotte.<br \/>\nCe dernier ayant dans son sac plus d\u2019un tour,<br \/>\nMis en fuite le rapace sans d\u00e9tour.<\/p>\n<p>Donc, m\u00eame si on est diff\u00e9rent,<br \/>\nIl est bon d\u2019aider les gens.<br \/>\nUn bienfait n\u2019est jamais perdu,<br \/>\nEt notre gentillesse nous sera rendue.<\/p>\n<p><strong>Samedi 3 ao\u00fbt<\/strong><\/p>\n<p>Ce matin, r\u00e9veil \u00e9chelonn\u00e9, histoire de r\u00e9cup\u00e9rer apr\u00e8s la nuit sous les \u00e9toiles, puis jeu sur la fable \u00e0 construire autour de \u00ab La Marmotte \u00bb.<\/p>\n<p>Les enfants fourmillent d\u2019id\u00e9es et le corps de la fable se met en place, avec un Vautour et un Aigle\u2026<\/p>\n<p>Le repas pris, nous sommes partis au Parc Animalier des Pyr\u00e9n\u00e9es (plus connu de Bayennais sous  le nom de \u00ab Colonne aux Marmites \u00bb).<\/p>\n<p>Les enfants  ont appr\u00e9ci\u00e9  cette balade au pays des animaux, avec deux points d\u2019orgue : donner \u00e0 manger aux marmottes et  se d\u00e9placer au milieu de chevreaux.<\/p>\n<p>Sans oublier la petite s\u00e9ance  de cin\u00e9ma sur le th\u00e8me \u00ab Pr\u00e9server le patrimoine animalier \u00bb, fort appr\u00e9ci\u00e9e par tous,  et l\u2019incontournable moulage d\u2019empreinte (veinards de parents qui vont pouvoir exhiber cela dans le salon\u2026).<\/p>\n<p>Retour \u00e0 la Grange pour un moment de libert\u00e9, puis, le repas pris, nous avancerons sur notre fable avant de clore la  journ\u00e9e par une soir\u00e9e \u00ab Magie \u00bb.<\/p>\n<p>A demain pour notre dernier message, qui vous parlera du Grand Jeu\u2026<\/p>\n<p>Thierry<\/p>\n<p><strong>Vendredi 2 ao\u00fbt<\/strong><\/p>\n<p>Nous sommes de retour \u00e0 la Grange et notre bivouac s\u2019est bien pass\u00e9&#8230;<\/p>\n<p>Nous sommes arriv\u00e9s hier au soir au B\u00e9d\u00e9ret pour installer notre camp en fin d\u2019apr\u00e8s\u2013midi, en lieu et place de nos amies les vaches.<\/p>\n<p>Le montage des tentes  termin\u00e9, nous avons pris un repas avec tout autour de nous de bienveillants  sommets encore enneig\u00e9s pour certains d\u2019entre eux.<\/p>\n<p>Une  vue magnifique se pr\u00eatant au cr\u00e9pitement des appareils photos&#8230;<\/p>\n<p>Le repas termin\u00e9, les enfants ont eu droit \u00e0 un conte, puis sont all\u00e9s s\u2019installer dans leurs tentes, et se sont affair\u00e9s \u00e0 leurs petits conciliabules, sous la  voie lact\u00e9e et quelques \u00e9toiles filantes.<\/p>\n<p>Les petites pipelettes  s\u2019en sont donn\u00e9es \u00e0 c\u0153ur joie, puis le sommeil  a commenc\u00e9 \u00e0 gagner ces chers petits.<\/p>\n<p>Mais il \u00e9tait dit que la nuit ne serait pas calme, vers 2 heures du matin, M. Eole nous gratifie de quelques bises proches des 50Km\/h (c&rsquo;est peut-\u00eatre aussi le souffle des fameux dragons dont nous parlions hier).<\/p>\n<p>V\u00e9rification des sardines et des tendeurs, tout est bien arrim\u00e9. Cela fera de bons souvenirs \u00e0 raconter \u00e0 Papa et Maman.<\/p>\n<p>Tout ce petit monde retourne dans les bras de Morph\u00e9e.<\/p>\n<p>Ce matin tout le monde s\u2019est lev\u00e9 pour voir le soleil appara\u00eetre au-dessus du massif du Soum de N\u00e8re.<\/p>\n<p>Les appareils photos cr\u00e9pitent \u00e0 nouveau sous des yeux \u00e9merveill\u00e9s.<\/p>\n<p>Petit d\u00e9jeuner, puis d\u00e9part vers le Col de Riou (1951 m\u00e8tres) pour un point de vue  magnifique.<\/p>\n<p>Nous sommes ensuite redescendus vers la cabane du berger R\u00e9my. Les enfants l&rsquo;ont assailli de questions sur son m\u00e9tier et sa fa\u00e7on de vivre, et ont m\u00eame pu visiter sa cabane. <\/p>\n<p>Retour vers le B\u00e9d\u00e9ret pour le repas de midi.<\/p>\n<p>Descente jusqu\u2019au point de d\u00e9part  et retour vers la Grange  pour une bonne douche et un temps calme.<\/p>\n<p>Apr\u00e8s un diner Pizza maison, et au moment o\u00f9 je vous \u00e9cris ses quelques lignes, vos enfants sont en train de faire un \u00ab\u00a0Loup-Garou &#8211; Chamallows grill\u00e9s\u00a0\u00bb.<\/p>\n<p>A demain,<\/p>\n<p>Thierry<\/p>\n<p><strong>Jeudi 1er ao\u00fbt<\/strong><\/p>\n<p>Bonjour,<\/p>\n<p>Aujourd\u2019hui et demain, c\u2019est la canicule sur les Pyr\u00e9n\u00e9es : 37\u00b0 dans la vall\u00e9e et encore 30\u00b0 \u00e0 1500m d\u2019altitude !<\/p>\n<p>Alors nous avons un peu modifi\u00e9 nos plans :<\/p>\n<p>Ce matin, comme pr\u00e9vu, r\u00e9veil  \u00e9chelonn\u00e9, entre 9h et 10h. Apr\u00e8s la journ\u00e9e d\u2019hier, tout le monde avait besoin de sommeil et de refaire le plein d\u2019\u00e9nergie.<\/p>\n<p>Cet apr\u00e8s-midi, nous avons d\u00e9cid\u00e9 de diff\u00e9rer notre d\u00e9part en montagne, en organisant des grands jeux aquatiques (nom politiquement correct pour \u00ab bataille d\u2019eau \u00bb) et autres activit\u00e9s rafra\u00eechissantes, \u00e0 l\u2019ombre du Gastonnier.<\/p>\n<p>Puis, vers 17h30, nous partirons vers le B\u00e9d\u00e9ret, o\u00f9 nous installerons notre bivouac.<\/p>\n<p>Montage des tentes (le d\u00e9but de la nuit se fera sans doute \u00e0 la belle \u00e9toile pour les volontaires, mais chacun doit pouvoir s\u2019abriter s\u2019il le souhaite ou si la temp\u00e9rature fra\u00eechit \u2013 ce que n\u2019indique pas la m\u00e9t\u00e9o), puis repas et veill\u00e9e, tandis que l\u2019ombre des montagnes obscurcira le paysage&#8230;<\/p>\n<p>Demain matin, lever \u00e0 6h30, pour voir le soleil pointer entre deux pics et embraser la montagne oppos\u00e9e. Apr\u00e8s le petit d\u00e9jeuner au grand air, d\u00e9part pour le col de Riou (qui s\u00e9pare les vall\u00e9es de Luz et de Cauterets, offrant un superbe point de vue), avant que le soleil ne nous darde de ses rayons les plus chauds.<\/p>\n<p>Vers 11 heures, nous redescendrons pour aller voir notre ami R\u00e9my le Berger, ses 650 brebis et ses 3 chiens, qui nous parlera de sa passion, de sa montagne, de son fromage\u2026<\/p>\n<p>Apr\u00e8s le d\u00e9jeuner \u00e0 l\u2019or\u00e9e du bois de Gaborize, tout contre sa cabane, nous redescendrons vers la Grange&#8230;<\/p>\n<p>A demain pour plus de pr\u00e9cisions sur cette nuit mythique sur les monts obscurs, au milieu des ours, de loups, des marmottes sanguinaires et des dragons pyr\u00e9n\u00e9ens (il para\u00eet que les derniers gros sp\u00e9cimens hantent le coin).<\/p>\n<p>Mais notre troupe est courageuse et bien arm\u00e9e (\u00e9p\u00e9es, arcs et boucliers&#8230;), et nous ne les craignons point&#8230;<\/p>\n<p>Thierry.<\/p>\n<p><strong>Mercredi 31 juillet<\/strong><\/p>\n<p>La fable du jour : \u00ab Le singe et le dauphin \u00bb.<\/p>\n<p>Aujourd\u2019hui, r\u00e9veil et petit d\u00e9jeuner \u00e0 partir de 7h30 jusqu\u2019\u00e0 8h30.<\/p>\n<p>A 7h45, tout ce joyeux petit monde est debout, de bonne humeur, pour une journ\u00e9e sportive.<\/p>\n<p>D\u00e9placement en voiture sur la musique de \u00ab\u00a0Black Eyed Peas\u00a0\u00bb pour les filles et sur des chants rugbystiques pour les gar\u00e7ons, direction \u00ab En ch\u00eanes et  fr\u00eanes \u00bb pour  des parcours d\u2019accrobranche  adapt\u00e9s aux  capacit\u00e9s de chacun.<\/p>\n<p>Apr\u00e8s une prise de barres \u00e9nerg\u00e9tiques, plus de 3 heures  d\u2019efforts,  de d\u00e9passement de soi-m\u00eame&#8230;<\/p>\n<p>Quand nous avons vu arriver le repas de midi, salade en  entr\u00e9e, croque-monsieur, fromage et fruit, chacun avait le sourire pour ce repas pris au frais sous de grands arbres.<\/p>\n<p>Pour l&rsquo;apr\u00e8s-midi sous  un beau soleil, tout ce petit monde s\u2019est retrouv\u00e9 dans la piscine pour une joyeuse partie de bagarre dans l\u2019eau, concours de gerbes d\u2019eau, tentative de coulage des animateurs, puis une petite collation, et retour pour de derniers \u00e9bats dans l\u2019eau.<\/p>\n<p>Une bonne douche et nous sommes retourn\u00e9s \u00e0 la Grange en musique.<\/p>\n<p>Ce soir Olivier nous concocte des saucisses grill\u00e9es et des lentilles, il ne devrait pas y avoir de reste&#8230;<\/p>\n<p>En attendant notre veill\u00e9e petits jeux..<\/p>\n<p>A demain<\/p>\n<p>Thierry.<\/p>\n<p><strong>Mardi 30 juillet<\/strong><\/p>\n<p>R\u00e9veil  \u00e9chelonn\u00e9 d\u00e8s 7 heures du matin pour un petit d\u00e9jeuner copieux.<\/p>\n<p>Le soleil est au rendez-vous, nous pr\u00e9parons casquettes, lunettes, cr\u00e8me solaire et gourde \u00abpleine \u00bb&#8230;<\/p>\n<p>Notre \u00ab CapouMobile \u00bb vient nous prendre \u00e0 la Grange pour un d\u00e9part vers le plateau de Saugu\u00e9.<\/p>\n<p>En chemin, Pierre, notre chauffeur, fait une halte pour voir la Br\u00e8che de Roland, selon la l\u00e9gende fendue par la c\u00e9l\u00e8bre \u00e9p\u00e9e D\u2026. (vos enfants ont trouv\u00e9).<\/p>\n<p>Nous partons d\u2019un pied ferme pour une premi\u00e8re hezure de balade avec le cirque de Gavarnie en point de mire.<\/p>\n<p>Premier arr\u00eat pour une petite collation et temps de repos.<\/p>\n<p>Nous sommes repartis d\u2019un pied alerte pour nous rendre \u00e0 1622 m\u00e8tres et prendre un repas concoct\u00e9 par Sylviane et Olivier : une salade de p\u00e2tes digne  d\u2019un maitre \u00e9toil\u00e9.<\/p>\n<p>Temps de repos \u00ab digestif \u00bb et  nouveau d\u00e9part jusqu\u2019au gave pour se rafra\u00eechir les pieds voire plus\u2026., pour faire les castors pour un mini barrage, une petite collation et retour \u00e0 la grange pour une bonne douche bien m\u00e9rit\u00e9e.<\/p>\n<p>Quelques jeux et l\u2019heure du repas est l\u00e0, en attendant la soir\u00e9e loup garou tant pris\u00e9e.<\/p>\n<p>Une fable de notre ami La Fontaine, et dodo, car  il y a l\u2019accro branche et la piscine demain\u2026<\/p>\n<p>Bonne soir\u00e9e.<\/p>\n<p>Thierry<\/p>\n<p><strong>Lundi 29 juillet<\/strong><\/p>\n<p>Bonsoir,<\/p>\n<p>Nous avons fait un voyage sans histoire, mais riche en moyens de transport, puisque la ligne de chemin de fer est coup\u00e9e  entre Pau et Lourdes depuis les inondations du d\u00e9but de mois : c\u2019est donc un bus qui nous a amen\u00e9 \u00e0 la gare de Lourdes, o\u00f9 notre bus favori (la CapouMobile) a pris le  relais pour nous d\u00e9poser devant la Grange.<\/p>\n<p>Apr\u00e8s avoir choisi notre lit et go\u00fbt\u00e9, nous sommes all\u00e9s faire une balade dans Sazos, pour faire d\u00e9couvrir le site \u00e0 ceux qui y venaient pour la premi\u00e8re fois.<\/p>\n<p>Nous avons vu la fontaine au B\u00e9lier, puis direction le Calvaire et son parc de jeux\u2026<\/p>\n<p>Retour \u00e0 la Grange pour la d\u00e9finition des R\u00e8gles de Vie, que chacun s\u2019engage \u00e0 respecter, pour que tous passent un s\u00e9jour agr\u00e9able. Ensuite, les enfants ont \u00e9t\u00e9 r\u00e9partis en \u00e9quipes pour  les Services : couvert\/d\u00e9barassage, aspirateur, vaisselle,\u2026 Tout comme \u00e0 la maison, quoi\u2026<\/p>\n<p>L\u2019heure tournant, voici d\u00e9j\u00e0 le repas, joyeux et anim\u00e9 : trente et une personnes qui entonnent le \u00ab Bona Bona \u00bb (*), \u00e7a fait du bruit, et \u00e7a met en app\u00e9tit.<\/p>\n<p>Ce soir, la veill\u00e9e permettra de mieux faire connaissance, de m\u00e9moriser les pr\u00e9noms, et de se pr\u00e9parer \u00e0 une bonne nuit.<\/p>\n<p>Et demain, nous mettrons les chaussures de montagne et le sac \u00e0 dos\u2026<\/p>\n<p>Bonne soir\u00e9e \u00e0 vous.<\/p>\n<p>Thierry.<\/p>\n<p>(*) : Si vous ne connaissez pas le \u00ab\u00a0Bona Bona\u00a0\u00bb, vos enfants vous expliqueront&#8230;<\/p>\n","protected":false},"excerpt":{"rendered":"<p>Dimanche 4 ao\u00fbt Bonjour \u00e0 tous, C\u2019est le dernier message de ce camp. Nous nous retrouvons demain apr\u00e8s-midi \u00e0 17h09 \u00e0 la gare Saint Jean. Comme \u00e0 l\u2019aller, notre voyage sera plus long avec l\u2019obligation d\u2019\u00eatre \u00e0 la gare de Lourdes 1h avant l\u2019heure de d\u00e9part pr\u00e9vue pour un transfert en bus jusqu\u2019\u00e0 la gare [&hellip;]<\/p>\n","protected":false},"author":22,"featured_media":0,"parent":1105,"menu_order":2,"comment_status":"closed","ping_status":"open","template":"","meta":{"footnotes":""},"class_list":["post-1234","page","type-page","status-publish","hentry"],"_links":{"self":[{"href":"https:\/\/www.assobayen.net\/Wordpress\/wp-json\/wp\/v2\/pages\/1234","targetHints":{"allow":["GET"]}}],"collection":[{"href":"https:\/\/www.assobayen.net\/Wordpress\/wp-json\/wp\/v2\/pages"}],"about":[{"href":"https:\/\/www.assobayen.net\/Wordpress\/wp-json\/wp\/v2\/types\/page"}],"author":[{"embeddable":true,"href":"https:\/\/www.assobayen.net\/Wordpress\/wp-json\/wp\/v2\/users\/22"}],"replies":[{"embeddable":true,"href":"https:\/\/www.assobayen.net\/Wordpress\/wp-json\/wp\/v2\/comments?post=1234"}],"version-history":[{"count":13,"href":"https:\/\/www.assobayen.net\/Wordpress\/wp-json\/wp\/v2\/pages\/1234\/revisions"}],"predecessor-version":[{"id":1279,"href":"https:\/\/www.assobayen.net\/Wordpress\/wp-json\/wp\/v2\/pages\/1234\/revisions\/1279"}],"up":[{"embeddable":true,"href":"https:\/\/www.assobayen.net\/Wordpress\/wp-json\/wp\/v2\/pages\/1105"}],"wp:attachment":[{"href":"https:\/\/www.assobayen.net\/Wordpress\/wp-json\/wp\/v2\/media?parent=1234"}],"curies":[{"name":"wp","href":"https:\/\/api.w.org\/{rel}","templated":true}]}}