{"id":1280,"date":"2013-08-05T20:59:30","date_gmt":"2013-08-05T18:59:30","guid":{"rendered":"https:\/\/www.assobayen.net\/Wordpress\/?page_id=1280"},"modified":"2024-02-19T15:16:45","modified_gmt":"2024-02-19T14:16:45","slug":"news-ados2013","status":"publish","type":"page","link":"https:\/\/www.assobayen.net\/Wordpress\/camps-2013\/news-ados2013\/","title":{"rendered":"News Ados 2013"},"content":{"rendered":"<p><strong>Dimanche 18 ao\u00fbt, 15h30 :<\/strong><br \/>\nTout le monde est rentr\u00e9 \u00e0 la grange ravi de ces trois jours en montagne. Le Pic d&rsquo;Ardiden a tenu ses promesses. Alexis a men\u00e9 le groupe d&rsquo;une main de ma\u00eetre en revitaminant les troupes pour les derniers m\u00e8tres. Si la premi\u00e8re nuit en bivouac n&rsquo;\u00e9tait pas tr\u00e8s agr\u00e9able &#8211; sous la pluie, apr\u00e8s un orage en soir\u00e9e &#8211; la seconde \u00e9tait d\u00e9gag\u00e9e &#8211; ce qui a permi de faire un feu et de griller des chamallows.<br \/>\nLes premiers se sont d\u00e9j\u00e0 douch\u00e9s, les autres attendent leur tour avec h\u00e2te. Ce soir sera la derni\u00e8re veill\u00e9e, autour du feu pour profiter de la m\u00e9t\u00e9o cl\u00e9mente.<br \/>\nDemain nous rangerons la grange et rentrerons \u00e0 Bordeaux. L&rsquo;arriv\u00e9e est pr\u00e9vue \u00e0 19h09. Nous vous attendrons sur le quai. Nous serons en voiture 16.<\/p>\n<p>&nbsp;<\/p>\n<p><strong>Jeudi 15 ao\u00fbt, 18h30 :<\/strong><br \/>\nComme pr\u00e9vu, ce jour de repos nous a permis de dormiiiiiiir longtemps ce matin et de descendre \u00e0 Luz cette apr\u00e8s-midi pour faire des courses, aller \u00e0 la piscine, ou les deux. Ce soir, apr\u00e8s le repas, nous redescendons \u00e0 Luz pour la f\u00eate des pompiers et le feu d&rsquo;artifice.<br \/>\nDemain nous partirons pour trois jours de randonn\u00e9e. Au programme, vendredi, marche d&rsquo;approche depuis la grange pour bivouaquer au lac de Lag\u00fces. Pour r\u00e9duire le poids des sacs, nous chargerons les tentes, duvets et autres objets lourds dans la voiture pour les monter \u00e0 Bernazau &#8211; 1\/3 du parcours &#8211; avant de les porter sur le dos. Samedi nous ferons l&rsquo;ascension du Pic d&rsquo;Ardiden avec Alexis, notre accompagnateur de moyenne montagne. Bien que le Pic d&rsquo;Ardiden (2988 m) ne soit pas exactement un 3000m, il en a toutes les qualit\u00e9s (point de vue, technicit\u00e9). Nous rebivouaquerons au m\u00eame endroit et n&rsquo;aurons donc pas besoin de d\u00e9monter les tentes. Dimanche, nous reviendrons \u00e0 la grange par le m\u00eame trajet qu&rsquo;\u00e0 l&rsquo;aller.<\/p>\n<p>&nbsp;<\/p>\n<p><strong>Mercredi 14 ao\u00fbt, 20h00 :<\/strong><br \/>\nHier, nous avons eu droit \u00e0 une visite de Sazos par un employ\u00e9 municipal en remerciement \u00e0 notre action de solidarit\u00e9 de jeudi dernier. En particulier, la visite des moulins avec une description pouss\u00e9e sur leur origine, leur nombre, leur fonctionnement et la richesse qu&rsquo;ils ont apport\u00e9s au village. Aussi, nous avons eu des informations sur l&rsquo;architecture des habitations et nous avons fini par la visite de l&rsquo;\u00e9glise qui est pleine de surprises.<br \/>\nL&rsquo;apr\u00e8s-midi, un grand jeu nomm\u00e9 \u00ab\u00a0Secret Bayen\u00a0\u00bb a men\u00e9 les jeunes \u00e0 \u00ab\u00a0d\u00e9couvrir\u00a0\u00bb Le secret de Bayen \u00e0 partir des indices qu&rsquo;ils ont gagn\u00e9s lors de diff\u00e9rents jeux. Leur imagination d\u00e9bordante a donn\u00e9 fruit \u00e0 des histoires originales qu&rsquo;ils ont mises en sc\u00e8ne lors de la veill\u00e9e.<br \/>\nAujourd&rsquo;hui nous avons fait la via ferrata de G\u00e8dre : 2h d&rsquo;\u00e9volution pour 200 m de d\u00e9nivel\u00e9 sur une paroie am\u00e9nag\u00e9e avec vue sur le cirque de Gavarnie. En parall\u00e8le, nous avons commenc\u00e9 \u00e0 pr\u00e9parer les affaires pour le bivouac de la derni\u00e8re randonn\u00e9e (vendredi \u00e0 dimanche).<br \/>\nDemain, nous jouirons d&rsquo;un jour de repos bien m\u00e9rit\u00e9. Au programme : descente \u00e0 Luz avec courses et piscine.<\/p>\n<p>&nbsp;<\/p>\n<p><strong>Lundi 12 ao\u00fbt, 22h00 :<\/strong><br \/>\nNous sommes rentr\u00e9s cette apr\u00e8s-midi des trois jours de randonn\u00e9e. Bien que la fatigue se lise sur nos visages, nous avons pass\u00e9 un bon moment et profit\u00e9 du soleil et des paysages.<br \/>\nDemain nous nous reposerons avec la visite des moulins de Sazos et un grand jeu.<\/p>\n<p>&nbsp;<\/p>\n<p><strong>Samedi 10 ao\u00fbt, 9h00 :<\/strong><br \/>\nLa journ\u00e9e repos d&rsquo;hier nous a tous permis de reprendre des forces et de faire quelques emplettes. Nous partirons tout \u00e0 l&rsquo;heure pour 3 jours de randonn\u00e9es avec Bivouac. Nous partirons de Garvanie pour monter vers le refuge des Espuguettes en passant par la cabane d&rsquo;Alans. Nous planterons les tentes \u00e0 c\u00f4t\u00e9 du refuge. Demain, nous monterons voir la vue imprenable au sommet du petit Pim\u00e9n\u00e9 puis passerons dans le cirque d&rsquo;Estaub\u00e9 par la hourquette d&rsquo;Alans. Lundi nous retrouverons le bus sous le barrage des Gloriettes.<\/p>\n<p>&nbsp;<\/p>\n<p><strong>Jeudi 8 ao\u00fbt, 23h30 :<\/strong><br \/>\nMercredi nous avons profit\u00e9 de la matin\u00e9e pour dormir. L&rsquo;apr\u00e8s midi tout le monde s&rsquo;est adonn\u00e9 aux joies du canyoning. La journ\u00e9e s&rsquo;est sold\u00e9e par une veill\u00e9e organis\u00e9e par Ma\u00eflys sur le th\u00e8me : Bayen Quizz de la Mort qui Tue.<br \/>\nAujourd&rsquo;hui nous nous sommes lev\u00e9s t\u00f4t pour la journ\u00e9e de solidarit\u00e9 avec le pays Toy suite aux inondations. Au programme, d\u00e9broussaillage et nettoyage d&rsquo;un ruisseau \u00e0 la ferme des cascades, celui qui alimente les moulins de Sazos et qui passe \u00e0 c\u00f4t\u00e9 de la grange. Tout le monde a termin\u00e9 la journ\u00e9e bien fatigu\u00e9 et nous avons d\u00e9cid\u00e9 de transformer la veill\u00e9e en veill\u00e9e libre.<br \/>\nDemain, un jour de repos nous attend, avec r\u00e9veil \u00e9chelonn\u00e9, puis shopping \u00e0 Luz l&rsquo;apr\u00e8s-midi. S&rsquo;il fait beau nous pourrons aller \u00e0 la piscine. Nous commencerons aussi \u00e0 pr\u00e9parer les affaires pour le bivouac qui nous attend de samedi \u00e0 lundi.<\/p>\n<p>&nbsp;<\/p>\n<p><strong>Mardi 6 ao\u00fbt, 17h30 :<\/strong><br \/>\nJe vous pr\u00e9sente d&rsquo;abord mes excuses pour ne pas avoir post\u00e9 de message hier. Il fallait r\u00e9gler quelques probl\u00e8mes techniques sur le site.<\/p>\n<p>Nous sommes donc bien arriv\u00e9s hier \u00e0 la grange. Le voyage en train s&rsquo;est d\u00e9roul\u00e9 sans encombre. Nous avons pris le train jusqu&rsquo;\u00e0 Pau, puis une navette SNCF jusqu&rsquo;\u00e0 Lourdes \u00e9tant donn\u00e9 que les probl\u00e8mes sur le portion Pau\/Lourdes n&rsquo;est toujours pas r\u00e9gl\u00e9. Il semble qu&rsquo;ils le seront pour le trajet retour. Capou nous a ensuite amen\u00e9 \u00e0 la grange o\u00f9 chaqu&rsquo;un a pu s&rsquo;installer et les nouveaux d\u00e9couvrir les lieux.<\/p>\n<p>Aujourd&rsquo;hui nous avons randonn\u00e9 au plateau de Saugu\u00e9 et ainsi profit\u00e9 du panorama sur le Cirque de Gavarnie. Les jeunes \u00e9taient survitamin\u00e9s et nous avons ralong\u00e9 un peu le circuit. Nous sommes rentr\u00e9 vers 17h \u00e0 la grange, les douches tournent \u00e0 plein r\u00e9gime. Cette premi\u00e8re randonn\u00e9e a permi de (re)mettre en route la machine.<\/p>\n<p>Ce soir nous faisons une veill\u00e9e jeu et demain, apr\u00e8s une grasse matin\u00e9e, nous fairons du canyoning l&rsquo;apr\u00e8s-midi.<\/p>\n","protected":false},"excerpt":{"rendered":"<p>Dimanche 18 ao\u00fbt, 15h30 : Tout le monde est rentr\u00e9 \u00e0 la grange ravi de ces trois jours en montagne. Le Pic d&rsquo;Ardiden a tenu ses promesses. Alexis a men\u00e9 le groupe d&rsquo;une main de ma\u00eetre en revitaminant les troupes pour les derniers m\u00e8tres. Si la premi\u00e8re nuit en bivouac n&rsquo;\u00e9tait pas tr\u00e8s agr\u00e9able &#8211; [&hellip;]<\/p>\n","protected":false},"author":22,"featured_media":0,"parent":1105,"menu_order":3,"comment_status":"closed","ping_status":"open","template":"","meta":{"footnotes":""},"class_list":["post-1280","page","type-page","status-publish","hentry"],"_links":{"self":[{"href":"https:\/\/www.assobayen.net\/Wordpress\/wp-json\/wp\/v2\/pages\/1280","targetHints":{"allow":["GET"]}}],"collection":[{"href":"https:\/\/www.assobayen.net\/Wordpress\/wp-json\/wp\/v2\/pages"}],"about":[{"href":"https:\/\/www.assobayen.net\/Wordpress\/wp-json\/wp\/v2\/types\/page"}],"author":[{"embeddable":true,"href":"https:\/\/www.assobayen.net\/Wordpress\/wp-json\/wp\/v2\/users\/22"}],"replies":[{"embeddable":true,"href":"https:\/\/www.assobayen.net\/Wordpress\/wp-json\/wp\/v2\/comments?post=1280"}],"version-history":[{"count":11,"href":"https:\/\/www.assobayen.net\/Wordpress\/wp-json\/wp\/v2\/pages\/1280\/revisions"}],"predecessor-version":[{"id":1298,"href":"https:\/\/www.assobayen.net\/Wordpress\/wp-json\/wp\/v2\/pages\/1280\/revisions\/1298"}],"up":[{"embeddable":true,"href":"https:\/\/www.assobayen.net\/Wordpress\/wp-json\/wp\/v2\/pages\/1105"}],"wp:attachment":[{"href":"https:\/\/www.assobayen.net\/Wordpress\/wp-json\/wp\/v2\/media?parent=1280"}],"curies":[{"name":"wp","href":"https:\/\/api.w.org\/{rel}","templated":true}]}}