{"id":1865,"date":"2016-08-02T16:44:10","date_gmt":"2016-08-02T14:44:10","guid":{"rendered":"https:\/\/www.assobayen.net\/Wordpress\/?page_id=1865"},"modified":"2024-02-19T15:16:45","modified_gmt":"2024-02-19T14:16:45","slug":"les-nouvelles-du-camp-ados-2016","status":"publish","type":"page","link":"https:\/\/www.assobayen.net\/Wordpress\/camp-2016-2\/les-nouvelles-du-camp-ados-2016\/","title":{"rendered":"News Ados 2016"},"content":{"rendered":"<p><strong>Mardi 2 ao\u00fbt \u00e0 17h :<\/strong><\/p>\n<p>Nous sommes bien arriv\u00e9s \u00e0 la grange, la route s&rsquo;est bien pass\u00e9e. Nous prenons possession des lieux. Demain, vous aurez un peu plus d&rsquo;informations !<\/p>\n<p><strong>Mercredi 3 ao\u00fbt \u00e0 21h :<\/strong><\/p>\n<p>Au cours de la soir\u00e9e d&rsquo;hier, nous f\u00eemes une veill\u00e9e pr\u00e9sentation qui permis \u00e0 tous de conna\u00eetre la vie de tout un chacun. Puis nous part\u00eemes au lit pour \u00eatre en forme le lendemain.<\/p>\n<p>Durant cette belle et tr\u00e8s chaude journ\u00e9e, nous nous r\u00e9veill\u00e2mes \u00e0 l&rsquo;aube pour profiter ensemble d&rsquo;un d\u00e9licieux petit d\u00e9jeuner offert gracieusement par la m\u00e8re de Lucas. Une fois repus de toutes ces viennoiseries, nous nous dirige\u00e2mes vers le lac de Cestr\u00e8de. L&rsquo;ascension f\u00fbt p\u00e9nible mais gratifiante car c&rsquo;est \u00e0 bout de souffle et ruisselant de sueur que nous arriv\u00e2mes enfin sur les berges du lac, o\u00f9 nous nous install\u00e2mes les pieds dans l&rsquo;eau, admirant les crique de Lis qui se d\u00e9coupait au dessus de nos t\u00eates, pour entamer un pic nique soigneusement pr\u00e9par\u00e9 par Claire, la cuisini\u00e8re du camp. Apr\u00e8s une longue pose bien m\u00e9rit\u00e9e nous redescend\u00eemes au parking et malgr\u00e9 les mals aux genoux et les premi\u00e8res ampoules, nous arriv\u00e2mes une fois de retour \u00e0 la grange \u00e0 nous tra\u00eener jusqu&rsquo;\u00e0 la douche. Vous pouvez visualiser la randonn\u00e9e que nous f\u00eemes en suivant ce lien : <a href=\"http:\/\/www.visugpx.com\/?i=TBAm643bZi\" target=\"_blank\" rel=\"noopener noreferrer\">http:\/\/www.visugpx.com\/?i=TBAm643bZi<\/a>.<\/p>\n<p>Ce soir une veill\u00e9e dessin nous attend avant de dormir pour \u00eatre en forme car demain nous dompterons les canyones des Pyr\u00e9n\u00e9es.<\/p>\n<p>Texte \u00e9crit par les perdants d&rsquo;un jeu de la veill\u00e9e d&rsquo;hier \ud83d\ude09<\/p>\n<p><strong>Jeudi 4 ao\u00fbt \u00e0 22h :<\/strong><\/p>\n<p>Hier soir, comme promis, la veill\u00e9e dessin a exerc\u00e9 nos talents d&rsquo;artistes multicomp\u00e9tences : avec chaque main, les coudes, la bouche, les pieds ou les yeux band\u00e9s !<\/p>\n<p>Ce matin, nous nous sommes lev\u00e9s aux aurores pour affronter le canyon d&rsquo;H\u00e9as, au dessus de G\u00e8dre. Pourquoi aussi t\u00f4t ? Parce que 20 minutes plus tard des cars d&rsquo;aventuriers d\u00e9barquaient \u00e0 notre suite. Nous avons ainsi \u00e9volu\u00e9 sans stress dans ces chaos de pierres : sauts, toboggans, rapides. Cet apr\u00e8s-midi, nous avons r\u00e9cup\u00e9r\u00e9 de nos \u00e9motions. Sieste, jeux, descente \u00e0 Luz \u00e9taient de la partie.<\/p>\n<p>Ce soir un blind test accompagnera notre soir\u00e9e avant de retourner dans les bras de Morph\u00e9e en vue de notre randonn\u00e9e demain \u00e0 l&rsquo;assaut du Soum d&rsquo;Arriou N\u00e9, surplombant la station de Luz Ardiden. La m\u00e9t\u00e9o est mitig\u00e9e, mais au moins, nous ne souffrirons pas de la chaleur !<\/p>\n<p><strong>Vendredi 5 ao\u00fbt \u00e0 18h30 :<\/strong><\/p>\n<p>La m\u00e9t\u00e9o ne s&rsquo;\u00e9tait pas tromp\u00e9e : la pluie \u00e9tait de rigueur hier soir et le temps \u00e9tait nuageux aujourd&rsquo;hui.<\/p>\n<p>Nous devons reconna\u00eetre que nous avons jou\u00e9 de chance avec les nuages qui ont eu le bon go\u00fbt de remonter en m\u00eame temps que nous. Du coup l&rsquo;ascension du Soum d&rsquo;Arriou N\u00e9 s&rsquo;est faite sans brouillard, et m\u00eame quelques rayons de soleil \ud83d\ude42 ! Malheureusement, la dur\u00e9e du d\u00e9jeuner n&rsquo;aura pas suffit \u00e0 venir \u00e0 bout des nuages et la vue depuis le sommet n&rsquo;\u00e9tait pas tr\u00e8s d\u00e9gag\u00e9e. Pas de Cauterets en vu, ni de Vignemale, ni de Luz&#8230; alors qu&rsquo;ils auraient d\u00fb faire partie de la tapisserie. Vous trouverez notre trace GPS comme d&rsquo;habitude : <a href=\"http:\/\/www.visugpx.com\/?i=KIwCkrBD6Y\" target=\"_blank\" rel=\"noopener noreferrer\">http:\/\/www.visugpx.com\/?i=KIwCkrBD6Y<\/a>.<\/p>\n<p>De retour \u00e0 la grange vers 16h30, nous avons encore quelques heures pour profiter du soleil avec une s\u00e9ance d&rsquo;\u00e9tirements, pr\u00e9parer le repas de ce soir, nous reposer. Demain c&rsquo;est repos !<\/p>\n<p><strong>Samedi 6 ao\u00fbt \u00e0 19h30 :<\/strong><\/p>\n<p>Hier nous avons fait une partie de Time&rsquo;s up tr\u00e8s mouvement\u00e9e. En effet Francis Lalanne et Am\u00e9lie Poulain \u00e9taient de la partie ! La culture des jeunes se limitant \u00e0 RoboCop (lui aussi de la partie), un cours de culture g\u00e9n\u00e9rale s&rsquo;imposait : nous appr\u00eemes par exemple que Denis Papin inventa la machine \u00e0 vapeur.<\/p>\n<p>Aujourd&rsquo;hui, apr\u00e8s une grasse matin\u00e9e bien m\u00e9rit\u00e9e, nous reconstruis\u00eemes l&rsquo;escalier du parking qui se trouvait en fort mauvais \u00e9tat apr\u00e8s de longues ann\u00e9es de services. Aussi nous d\u00e9mont\u00e2mes la grande tente avec ga\u00eet\u00e9 et amusement. Une fois ce dure labeur r\u00e9alis\u00e9, un ventriglisse r\u00e9compensa nos efforts. Pour conclure cette apr\u00e8s-midi en beaut\u00e9, nous all\u00e2mes \u00e0 Luz pour faire quelques emplettes et \u00e9videmment capturer des Pok\u00e9mons.<\/p>\n<p>Ce soir, nous profiterons d&rsquo;une m\u00e9t\u00e9o fort cl\u00e9mente pour veiller au coin du feu. Demain, il faudra se lever avant le soleil pour partir \u00e0 l&rsquo;assaut du Pic de Cabaliros, au dessus de Cauterets.<\/p>\n<p><strong>Dimanche 7 ao\u00fbt \u00e0 19h :<\/strong><\/p>\n<p>Le magnifique ciel \u00e9toil\u00e9 qui s&rsquo;offrait \u00e0 nous apr\u00e8s la veill\u00e9e d&rsquo;hier nous poussa au crime : une nuit \u00e0 la belle \u00e9toile, qui fut quoi qu&rsquo;il en soit courte.<\/p>\n<p>Lev\u00e9 \u00e0 5h pour un d\u00e9part en minibus \u00e0 6h15 et nous part\u00eemes \u00e0 7h pour la randonn\u00e9e. Apr\u00e8s 4h d&rsquo;effort, un panorama exceptionnel \u00e0 360\u00b0, en vrac : Tarbes, Lourdes, le Viscos, le Pic du Midi de Bigorre, le massif du N\u00e9ouvielle, la face nord du Vignemal, le Bala\u00eftous, et moultes sommets et vall\u00e9es aux noms inconnus mais aux allures chatoyantes. Comme l&rsquo;usage le veut, voici la trace GPS : <a href=\"http:\/\/www.visugpx.com\/?i=TeFxhR0oUX\" target=\"_blank\" rel=\"noopener noreferrer\">http:\/\/www.visugpx.com\/?i=TeFxhR0oUX<\/a>. Fourbus et flapi des 1250 m\u00e8tres de d\u00e9nivel\u00e9, nous rentr\u00e2mes \u00e0 la grange \u00e0 17h. La douche suave nos redonna force et vigueur.<\/p>\n<p><strong>Lundi 8 ao\u00fbt \u00e0 22h :<\/strong><\/p>\n<p>Hier soir tout le monde f\u00fbt tellement fatigu\u00e9 que nous all\u00e2mes nous coucher sans r\u00e9elle veill\u00e9e, juste un passage en revu rapide des photos prises depuis le d\u00e9but du camp. Car ce matin il fallut mettre le r\u00e9veille pour aller faire de l&rsquo;escalade. Une fois les premi\u00e8res appr\u00e9hensions surmont\u00e9es, nous grav\u00eemes ces rochers inhospitaliers de prime abord.<\/p>\n<p>Pendant ce temps Claire nous pr\u00e9para un repas de r\u00e9cup\u00e9ration des plus efficaces (feuillet\u00e9s fromage\/jambon). Cette apr\u00e8s-midi, nous profit\u00e2mes du soleil pour : faire des lessives, finir de nettoyer et ranger la grande tente, faire un tour \u00e0 Luz, et pour les plus fatigu\u00e9s&#8230; faire la sieste \ud83d\ude42<\/p>\n<p>Demain nous devions partir en bivouac pour 3 jours, mais la m\u00e9t\u00e9o d\u00e9favorable nous demande de changer notre fusil d&rsquo;\u00e9paule. Nous ne partirons donc que mercredi matin \u00e0 l\u2019assaut des cols des Mulets et d&rsquo;Arratille, et d\u00e9couperons la marche sur deux jours au lieux de trois. Demain, le r\u00e9veille sera libre et un grand jeu nous attend l&rsquo;apr\u00e8s-midi pour oublier la pluie.<\/p>\n<p><strong>Mardi 9 ao\u00fbt \u00e0 19h30 :<\/strong><\/p>\n<p>C&rsquo;est un vrai camp de marmottes !!! C&rsquo;est important de reprendre des forces \u00e0 mi-s\u00e9jour pour les deux bivouacs qui nous attendent.<\/p>\n<p>Les premiers qui sortirent de leur hibernation v\u00e9rifi\u00e8rent et nettoy\u00e8rent les tentes. En d\u00e9but d&rsquo;apr\u00e8s-midi, Paul organis\u00e9 un grand jeu \u00ab\u00a0Ford Bayen\u00a0\u00bb o\u00f9 deux \u00e9quipes s&rsquo;affront\u00e8rent sur des \u00e9preuves aussi bien manuelles qu&rsquo;intellectuelles. Nous&nbsp;pr\u00e9par\u00e2mes ensuite nos sacs pour demain. La difficult\u00e9 est toujours la m\u00eame : trouver le bon compromis entre : avoir un sac pas trop lourd, ne manquer de rien et ne pas avoir froid. Ce soir le marchand de sable passera t\u00f4t.<\/p>\n<p>Demain nous partons pour deux jours, donc pas de nouvelles d&rsquo;ici jeudi soir !<\/p>\n<p><strong>Jeudi 11 ao\u00fbt \u00e0 20h :<\/strong><\/p>\n<p>De retour de deux jours de bivouac, la douche est notre leitmotiv !<\/p>\n<p>De partance du pont d&rsquo;Espagne, nous all\u00e2mes jusqu&rsquo;au refuge des Oulettes de Gaube o\u00f9 nous bivouaqu\u00e2mes hier soir (<a href=\"http:\/\/www.visugpx.com\/?i=8BCBrwBwjE\" target=\"_blank\" rel=\"noopener noreferrer\">http:\/\/www.visugpx.com\/?i=8BCBrwBwjE<\/a>). La nuit fra\u00eeche ne fut pas de tout repos mais ne nous emp\u00eacha pas de nous lever \u00e0 6h du matin pour lever le camp \u00e0 8h. Une ascension de 600 m\u00e8tres jusqu&rsquo;au col de Mulets nous permis de profiter rapidement des rayons du soleil levant. Une petite vir\u00e9e en Espagne d&rsquo;environ 1 heure nous emmena au col d&rsquo;Arratilles donnant sur la vall\u00e9e du Marcadau, par laquelle nous redescend\u00eemes et retourn\u00e2mes au pont d&rsquo;Espagne pour retrouver le minibus (<a href=\"http:\/\/www.visugpx.com\/?i=8OnsI5Jdeo\" target=\"_blank\" rel=\"noopener noreferrer\">http:\/\/www.visugpx.com\/?i=8OnsI5Jdeo<\/a>).<\/p>\n<p>Demain, un repos sera le bienvenue \ud83d\ude42<\/p>\n<p><strong>Vendredi 12 ao\u00fbt \u00e0 19h30 :<\/strong><\/p>\n<p>Et le repos f\u00fbt !<\/p>\n<p>Quelques lessives, s\u00e9chage des tentes et vir\u00e9e \u00e0 Luz&#8230; David et Lucien (anciens colons) nous retrouv\u00e8rent en d\u00e9but d&rsquo;apr\u00e8s-midi. Manu et Estelle (animatrices d&rsquo;autres camps) arrivent ce soir.<\/p>\n<p>M\u00e9t\u00e9o France annonce une belle m\u00e9t\u00e9o pour notre bivouac de 3 jours vers le sommet du Pouey Mourou d&rsquo;o\u00f9 la vue sera imprenable sur le glacier du Vignemal.<\/p>\n<p><strong>Lundi 15 ao\u00fbt \u00e0 18h :<\/strong><\/p>\n<p>Samedi matin fut consacr\u00e9 \u00e0 la pr\u00e9paration de l&rsquo;exp\u00e9dition pour un d\u00e9part de la grange en minibus \u00e0 11h. Pour bien d\u00e9marrer, nous avons commenc\u00e9 la randonn\u00e9e par&#8230; un d\u00e9jeuner ! Cela permis de laisser les tupperwares et autres ustensiles dans le v\u00e9hicule, donc partir plus l\u00e9ger (dans le sac tout au moins). Nous mont\u00e2mes dans l&rsquo;apr\u00e8s-midi jusqu&rsquo;au lac de Labas (o\u00f9 \u00e7a ? ben l\u00e0-bas !) pour \u00e9tablir notre bivouac sur son rivage. Une longue journ\u00e9e nous attendait dimanche : l&rsquo;ascension jusqu&rsquo;au Pouey Mourou puis une boucle par le refuge de Baysselance, le col de Labas, pour bivouaquer au refuge d&rsquo;Estom. La nuit cl\u00e9mente permis \u00e0 certains d&rsquo;entre nous de faire une nuit \u00e0 la belle-\u00e9toile. Lundi, nous retourn\u00e2mes au minibus vers 13h apr\u00e8s avoir retrouv\u00e9 Claire en chemin. L&rsquo;envie d&rsquo;une douche \u00e9tant plus forte que celle de manger, nous rentr\u00e2mes directement \u00e0 la grange et ne d\u00e9jeun\u00e2mes que tardivement. J&rsquo;ai rencontr\u00e9 quelques probl\u00e8mes pour l&rsquo;enregistrement de la trace GPS, que je vous livre telle quelle : <a href=\"http:\/\/www.visugpx.com\/?i=qumjRpRygb\" target=\"_blank\" rel=\"noopener noreferrer\">http:\/\/www.visugpx.com\/?i=qumjRpRygb<\/a>.<\/p>\n<p>Cet apr\u00e8s-midi nous rangeons nos sacs et commen\u00e7ons \u00e0 faire nos valises pour gagner du temps demain pour le grand m\u00e9nage de la grange.<\/p>\n","protected":false},"excerpt":{"rendered":"<p>Mardi 2 ao\u00fbt \u00e0 17h : Nous sommes bien arriv\u00e9s \u00e0 la grange, la route s&rsquo;est bien pass\u00e9e. Nous prenons possession des lieux. Demain, vous aurez un peu plus d&rsquo;informations ! Mercredi 3 ao\u00fbt \u00e0 21h : Au cours de la soir\u00e9e d&rsquo;hier, nous f\u00eemes une veill\u00e9e pr\u00e9sentation qui permis \u00e0 tous de conna\u00eetre la [&hellip;]<\/p>\n","protected":false},"author":5,"featured_media":0,"parent":2313,"menu_order":1,"comment_status":"closed","ping_status":"closed","template":"","meta":{"footnotes":""},"class_list":["post-1865","page","type-page","status-publish","hentry"],"_links":{"self":[{"href":"https:\/\/www.assobayen.net\/Wordpress\/wp-json\/wp\/v2\/pages\/1865","targetHints":{"allow":["GET"]}}],"collection":[{"href":"https:\/\/www.assobayen.net\/Wordpress\/wp-json\/wp\/v2\/pages"}],"about":[{"href":"https:\/\/www.assobayen.net\/Wordpress\/wp-json\/wp\/v2\/types\/page"}],"author":[{"embeddable":true,"href":"https:\/\/www.assobayen.net\/Wordpress\/wp-json\/wp\/v2\/users\/5"}],"replies":[{"embeddable":true,"href":"https:\/\/www.assobayen.net\/Wordpress\/wp-json\/wp\/v2\/comments?post=1865"}],"version-history":[{"count":22,"href":"https:\/\/www.assobayen.net\/Wordpress\/wp-json\/wp\/v2\/pages\/1865\/revisions"}],"predecessor-version":[{"id":2558,"href":"https:\/\/www.assobayen.net\/Wordpress\/wp-json\/wp\/v2\/pages\/1865\/revisions\/2558"}],"up":[{"embeddable":true,"href":"https:\/\/www.assobayen.net\/Wordpress\/wp-json\/wp\/v2\/pages\/2313"}],"wp:attachment":[{"href":"https:\/\/www.assobayen.net\/Wordpress\/wp-json\/wp\/v2\/media?parent=1865"}],"curies":[{"name":"wp","href":"https:\/\/api.w.org\/{rel}","templated":true}]}}