{"id":38,"date":"2010-10-19T14:36:34","date_gmt":"2010-10-19T13:36:34","guid":{"rendered":"https:\/\/www.assobayen.net\/Wordpress"},"modified":"2025-10-25T12:58:35","modified_gmt":"2025-10-25T10:58:35","slug":"location","status":"publish","type":"page","link":"https:\/\/www.assobayen.net\/Wordpress\/location\/","title":{"rendered":"Location"},"content":{"rendered":"<h2><big>Nos tarifs de location<\/big><\/h2>\n<p>Il vous est possible de louer la grange pour vos loisirs, pour un s\u00e9jour d&rsquo;un week-end ou pour une semaine.<\/p>\n<p>Il vous suffit pour cela d&rsquo;\u00eatre \u00e0 jour de votre cotisation.<\/p>\n<p><strong>Capacit\u00e9 d&rsquo;accueil : 18 personnes<\/strong><\/p>\n<div><span style=\"color: #800000;\"><b>P\u00e9riode hiver du 1er octobre au 30 mai<\/b><\/span><\/div>\n<div>\u00a0<\/div>\n<div>Location semaine : 820 euros pour 7 jours<\/div>\n<div>Location Weekend : 330 euros du vendredi soir au dimanche<\/div>\n<div>\u00a0 \u00a0 \u00a0 \u00a0 \u00a0 \u00a0 \u00a0 \u00a0 \u00a0 \u00a0 \u00a0 \u00a0 \u00a0 \u00a0 \u00a0 \u00a0 \u00a0 \u00a0 \u00a0 120 euros par jour suppl\u00e9mentaire<\/div>\n<div>\u00a0<\/div>\n<div><span style=\"color: #800000;\"><b>P\u00e9riode \u00e9t\u00e9 du 1er juin au 30 septembre :<\/b><\/span><\/div>\n<div>\u00a0<\/div>\n<div>Location semaine : 770 euros pour 7 jours<\/div>\n<div>Location weekend : 275 euros du vendredi soir au dimanche<\/div>\n<div>\u00a0 \u00a0 \u00a0 \u00a0 \u00a0 \u00a0 \u00a0 \u00a0 \u00a0 \u00a0 \u00a0 \u00a0 \u00a0 \u00a0 \u00a0 \u00a0 \u00a0 110 euros par jour suppl\u00e9mentaire<\/div>\n<div>\u00a0<\/div>\n<div><strong><span style=\"color: #800000;\">Modalit\u00e9s de r\u00e9servation :<\/span><\/strong><\/div>\n<div>\u00a0<\/div>\n<div>Verser 25% d&rsquo;arrhes \u00e0 la r\u00e9servation et le solde 1 mois avant le d\u00e9part.<\/div>\n<div>\u00a0<\/div>\n<div><span style=\"color: #800000;\"><span style=\"caret-color: #800000;\"><b>Taxe de S\u00e9jour :<\/b><\/span><\/span><\/div>\n<div>\u00a0<\/div>\n<div>En plus de la location, 0,86 euros de Taxe de S\u00e9jour par adulte et par nuit. Les mineurs sont exempt\u00e9s.<\/div>\n<div>\u00a0<\/div>\n<div>Pour les r\u00e9servation faites durant le mois avant le d\u00e9part versement de la totalit\u00e9 au moment de la r\u00e9servation.<\/div>\n<div>\u00a0<\/div>\n<div><em><strong><small>Gratuit pour les enfants de moins de 10 ans<\/small><\/strong><\/em><\/div>\n<div>\u00a0<\/div>\n<div><strong>Voir le planning : <a href=\"https:\/\/www.assobayen.net\/Wordpress\/calendrier-location\/\" target=\"_blank\" rel=\"noreferrer noopener\">Calendrier<\/a><\/strong><\/div>\n\n\n<h2 class=\"wp-block-heading\" style=\"text-decoration:underline\"><strong>Pour toute r\u00e9servation, contactez :<\/strong><\/h2>\n\n\n\n<p><em><strong>Philippe BARRI\u00c8RE<\/strong><\/em><\/p>\n\n\n\n<p>T\u00e9l\u00e9phone: 06 95 31 69 64<\/p>\n\n\n\n<p>Email : <a href=\"http:\/\/philippe.barriere54@orange.fr\" target=\"_blank\" rel=\"noreferrer noopener\">Philippe.barriere54@orange.fr<\/a><\/p>\n","protected":false},"excerpt":{"rendered":"<p>Nos tarifs de location Il vous est possible de louer la grange pour vos loisirs, pour un s\u00e9jour d&rsquo;un week-end ou pour une semaine. Il vous suffit pour cela d&rsquo;\u00eatre \u00e0 jour de votre cotisation. Capacit\u00e9 d&rsquo;accueil : 18 personnes P\u00e9riode hiver du 1er octobre au 30 mai \u00a0 Location semaine : 820 euros pour [&hellip;]<\/p>\n","protected":false},"author":22,"featured_media":0,"parent":0,"menu_order":3,"comment_status":"closed","ping_status":"closed","template":"","meta":{"footnotes":""},"class_list":["post-38","page","type-page","status-publish","hentry"],"_links":{"self":[{"href":"https:\/\/www.assobayen.net\/Wordpress\/wp-json\/wp\/v2\/pages\/38","targetHints":{"allow":["GET"]}}],"collection":[{"href":"https:\/\/www.assobayen.net\/Wordpress\/wp-json\/wp\/v2\/pages"}],"about":[{"href":"https:\/\/www.assobayen.net\/Wordpress\/wp-json\/wp\/v2\/types\/page"}],"author":[{"embeddable":true,"href":"https:\/\/www.assobayen.net\/Wordpress\/wp-json\/wp\/v2\/users\/22"}],"replies":[{"embeddable":true,"href":"https:\/\/www.assobayen.net\/Wordpress\/wp-json\/wp\/v2\/comments?post=38"}],"version-history":[{"count":58,"href":"https:\/\/www.assobayen.net\/Wordpress\/wp-json\/wp\/v2\/pages\/38\/revisions"}],"predecessor-version":[{"id":5665,"href":"https:\/\/www.assobayen.net\/Wordpress\/wp-json\/wp\/v2\/pages\/38\/revisions\/5665"}],"wp:attachment":[{"href":"https:\/\/www.assobayen.net\/Wordpress\/wp-json\/wp\/v2\/media?parent=38"}],"curies":[{"name":"wp","href":"https:\/\/api.w.org\/{rel}","templated":true}]}}